{"id":1703,"date":"2025-01-20T08:32:20","date_gmt":"2025-01-20T07:32:20","guid":{"rendered":"https:\/\/dinser.es\/avis-legal\/"},"modified":"2025-09-04T13:29:42","modified_gmt":"2025-09-04T11:29:42","slug":"avis-legal","status":"publish","type":"page","link":"https:\/\/dinser.es\/ca\/avis-legal\/","title":{"rendered":"Avis Legal"},"content":{"rendered":"\t\t<div data-elementor-type=\"wp-page\" data-elementor-id=\"1703\" class=\"elementor elementor-1703\" data-elementor-post-type=\"page\">\n\t\t\t\t\t\t<section class=\"elementor-section elementor-top-section elementor-element elementor-element-83c3299 elementor-section-boxed elementor-section-height-default elementor-section-height-default\" data-id=\"83c3299\" data-element_type=\"section\" data-e-type=\"section\">\n\t\t\t\t\t\t<div class=\"elementor-container elementor-column-gap-default\">\n\t\t\t\t\t<div class=\"elementor-column elementor-col-100 elementor-top-column elementor-element elementor-element-08780a7\" data-id=\"08780a7\" data-element_type=\"column\" data-e-type=\"column\">\n\t\t\t<div class=\"elementor-widget-wrap elementor-element-populated\">\n\t\t\t\t\t\t<div class=\"elementor-element elementor-element-0a23144 elementor-widget elementor-widget-heading\" data-id=\"0a23144\" data-element_type=\"widget\" data-e-type=\"widget\" data-widget_type=\"heading.default\">\n\t\t\t\t\t<h2 class=\"elementor-heading-title elementor-size-default\">AV\u00cdS LEGAL<\/h2>\t\t\t\t<\/div>\n\t\t\t\t<div class=\"elementor-element elementor-element-f2b704f elementor-widget elementor-widget-text-editor\" data-id=\"f2b704f\" data-element_type=\"widget\" data-e-type=\"widget\" data-widget_type=\"text-editor.default\">\n\t\t\t\t\t\t\t\t\t<p><strong>AV\u00cdS LEGAL<\/strong><\/p><p>Aquest Avis Legal t\u00e9 l&#8217;objectiu d&#8217;informar-te dels teus drets i obligacions com a usuari d&#8217;aquest lloc web. Aqu\u00ed trobar\u00e0s tota la informaci\u00f3 que necessites sobre aquest lloc web, la seva activitat, les dades personals que recull i la seva finalitat, aix\u00ed com les normes d&#8217;\u00fas que regulin l&#8217;\u00fas d&#8217;aquest web. <\/p><p>En el moment en qu\u00e8 accediu a aquest lloc web <a href=\"http:\/\/www.llocweb.com\" target=\"_new\" rel=\"noopener\">www.llocweb.com<\/a> , assumiu la condici\u00f3 d&#8217;usuari, per la qual cosa el contingut d&#8217;aquest Av\u00eds Legal t&#8217;afecta directament. Per aix\u00f2, \u00e9s important que el arribis per dissipar qualsevol dubte que puguis tenir i estar informat sobre les condicions que est\u00e0s acceptant. <\/p><p>Per comen\u00e7ar, has de saber que aquest lloc web compleix les normatives vigents en mat\u00e8ria de protecci\u00f3 de dades, amb l&#8217;objectiu d&#8217;oferir-te les garanties, la seguretat i la transpar\u00e8ncia que, com a usuari, et corresponen a l&#8217;hora d&#8217;utilitzar aquest web.<\/p><ul><li><strong>El RGPD<\/strong> (Reglament (UE) 2016\/679 del Parlament Europeu i del Consell de 27 d&#8217;abril de 2016 relatiu a la protecci\u00f3 de les persones f\u00edsiques), que unifica la regulaci\u00f3 del tractament de dades personals als diferents pa\u00efsos de la UE.<\/li><li><strong>La LOPDGDD<\/strong> (Llei Org\u00e0nica 3\/2018, de 5 de desembre, de protecci\u00f3 de dades personals i garantia dels drets digitals), que regula el tractament de les dades personals i les obligacions que hem d&#8217;assumir els responsables d&#8217;una web o un bloc en gestionar aquesta informaci\u00f3.<\/li><li><strong>La LSSI<\/strong> (Llei 34\/2002, de 11 de juliol, de Serveis de la Societat de la Informaci\u00f3 i Comer\u00e7 Electr\u00f2nic), que regula les transaccions econ\u00f2miques mitjan\u00e7ant mitjans electr\u00f2nics.<\/li><\/ul><h3><strong>DATS D&#8217;IDENTIFICACI\u00d3<\/strong><\/h3><p>El responsable i titular d&#8217;aquest lloc web \u00e9s:<\/p><ul><li><strong>Nom<\/strong> : Nom empresa<\/li><li><strong>NIF<\/strong> : B11111111<\/li><li><strong>Domicili Social<\/strong> : Domicili social<\/li><li><strong>Activitat del lloc web<\/strong> : Distribuci\u00f3 de contingut relacionat amb Nom empresa, mostra de publicitat i recomanaci\u00f3 de productes d&#8217;afiliaci\u00f3.<\/li><li><strong>Correu electr\u00f2nic<\/strong> : <a rel=\"noopener\">email@test.com<\/a><\/li><\/ul><p>Les dades que ens facilitis amb el teu consentiment, i d&#8217;acord amb l&#8217;\u00fas establert a la nostra Pol\u00edtica de Privacitat, seran incorporades a un fitxer automatitzat, el responsable del qual \u00e9s Nom empresa. Aix\u00f2 garanteix que els teus dades estan segurs i protegits conforme a la llei.<\/p><h3><strong>NORMES D&#8217;ACC\u00c9S AL LLOC WEB<\/strong><\/h3><p>Com a usuari de la nostra web, tamb\u00e9 tens una s\u00e8rie d&#8217;obligacions:<\/p><ul><li>No podr\u00e0s utilitzar aquest lloc web per a activitats contraries a les lleis, a la moral, a l&#8217;ordre p\u00fablic ni per a usos contraris al que s&#8217;expressa en aquest Av\u00eds Legal.<\/li><li>No podr\u00e0s fer activitats publicit\u00e0ries o d&#8217;explotaci\u00f3 comercial utilitzant identitats falses.<\/li><li>Ser\u00e0s l&#8217;\u00fanic responsable de la veracitat i exactitud dels continguts que introdueixis en aquesta web i de les dades personals que ens facilitis amb les finalitats previstes a la nostra Pol\u00edtica de Privacitat.<\/li><li>Tamb\u00e9 ser\u00e0s responsable de qualsevol actuaci\u00f3 il\u00b7l\u00edcita, lesiva de drets, nociva i\/o perjudicial a llocs de tercers als quals et puguem redirigir.<\/li><\/ul><p>Nom empresa podr\u00e0 interrompre el servei de la p\u00e0gina i resoldre la relaci\u00f3 amb l&#8217;usuari si detecta un \u00fas indegut de la web.<\/p><h3><strong>PROPIETAT INTEL\u00b7LECTUAL I INDUSTRIAL<\/strong><\/h3><p>La totalitat d&#8217;aquest lloc web (text, imatges, marques, gr\u00e0fics, logotips, botons, fitxers de programari, combinacions de colors, aix\u00ed com l&#8217;estructura, selecci\u00f3, ordenaci\u00f3 i presentaci\u00f3 dels seus continguts) es troba protegida per les lleis vigents sobre propietat intel\u00b7lectual i industrial.<\/p><p>Queda prohibida la seva reproducci\u00f3, distribuci\u00f3, comunicaci\u00f3 p\u00fablica i transformaci\u00f3, excepte per a \u00fas personal i privat.<\/p><p>Nom empresa no garanteix que els continguts siguin necessaris o lliures d&#8217;error. <\/p><h3><strong>ENLLA\u00c7OS O LINKS<\/strong><\/h3><p>Aquest lloc web inclou enlla\u00e7os a llocs de tercers. Aquestes p\u00e0gines no han estat revisades ni s\u00f3n objecte de controls per la nostra part, per la qual cosa Nom empresa no ser\u00e0 responsable dels continguts, pol\u00edtiques de privacitat ni mesures adoptades per aquests tercers. <\/p><p>Us recomanem llegir detingudament les condicions d&#8217;\u00fas i pol\u00edtiques d&#8217;aquests llocs abans d&#8217;utilitzar-los.<\/p><h3><strong>ENLLA\u00c7OS D&#8217;AFILIACI\u00d3 D&#8217;AMAZON<\/strong><\/h3><p>Aquest lloc web utilitza enlla\u00e7os d&#8217;afiliaci\u00f3 d&#8217;Amazon. Aix\u00f2 significa que trobareu enlla\u00e7os a productes d&#8217;Amazon que podreu adquirir sota les vostres condicions d&#8217;\u00fas. <\/p><h3><strong>LIMITACI\u00d3 DE RESPONSABILITAT<\/strong><\/h3><p>Nom empresa no es fa responsable de:<\/p><ul><li>La qualitat, velocitat i continu\u00eftat del servei.<\/li><li>L&#8217;exist\u00e8ncia de virus, programari malici\u00f3s o programes maliciosos en els continguts.<\/li><li>L&#8217;\u00fas il\u00b7l\u00edcit o negligent de la web.<\/li><li>La manca de licitud, qualitat, fiabilitat o utilitat dels serveis proporcionats per tercers.<\/li><li>Els danys que puguin derivar de l&#8217;\u00fas il\u00b7legal d&#8217;aquesta web.<\/li><\/ul><h3><strong>POL\u00cdTICA DE PRIVACITAT I PROTECCI\u00d3 DE DATS<\/strong><\/h3><p>Aquest lloc web compleix la normativa vigent en mat\u00e8ria de protecci\u00f3 de dades. Com a usuari, haur\u00e0s de donar el teu consentiment expr\u00e9s abans de facilitar dades personals a trav\u00e9s dels formularis disponibles a la web. Tota la informaci\u00f3 al respecte est\u00e0 disponible a la nostra Pol\u00edtica de Privacitat.  <\/p><h3><strong>POL\u00cdTICA DE COOKIES<\/strong><\/h3><p>Aquest lloc web utilitza cookies pr\u00f2pies i de tercers. Podeu configurar el vostre navegador per rechazar l&#8217;\u00fas de cookies. Per a m\u00e9s informaci\u00f3, consulteu la nostra Pol\u00edtica de Cookies.  <\/p><h3><strong>LEGISLACI\u00d3 APLICABLE I JURISDICCI\u00d3 COMPETENT<\/strong><\/h3><p>El present Av\u00eds Legal es troba sotm\u00e8s a la legislaci\u00f3 espanyola vigent. Qualsevol controv\u00e8rsia ser\u00e0 sotmesa als Jutjats i Tribunals del domicili de l&#8217;usuari. Si lusuari resideix fora dEspanya, les parts se sotmetran als Jutjats i Tribunals de Barcelona (Espanya).  <\/p><p>Si tens qualsevol dubte, ens pots enviar un correu electr\u00f2nic a <a rel=\"noopener\">email-informatiu@test.com<\/a> .<\/p>\t\t\t\t\t\t\t\t<\/div>\n\t\t\t\t\t<\/div>\n\t\t<\/div>\n\t\t\t\t\t<\/div>\n\t\t<\/section>\n\t\t\t\t<\/div>\n\t\t","protected":false},"excerpt":{"rendered":"<p>AV\u00cdS LEGAL AV\u00cdS LEGAL Aquest Avis Legal t\u00e9 l&#8217;objectiu d&#8217;informar-te dels teus drets i obligacions com a usuari d&#8217;aquest lloc web. Aqu\u00ed trobar\u00e0s tota la informaci\u00f3 que necessites sobre aquest lloc web, la seva activitat, les dades personals que recull i la seva finalitat, aix\u00ed com les normes d&#8217;\u00fas que regulin l&#8217;\u00fas d&#8217;aquest web. En [&hellip;]<\/p>\n","protected":false},"author":3,"featured_media":0,"parent":0,"menu_order":0,"comment_status":"closed","ping_status":"closed","template":"elementor_header_footer","meta":{"_acf_changed":false,"inline_featured_image":false,"_joinchat":[],"footnotes":""},"class_list":["post-1703","page","type-page","status-publish","hentry"],"acf":[],"yoast_head":"<!-- This site is optimized with the Yoast SEO plugin v27.5 - https:\/\/yoast.com\/product\/yoast-seo-wordpress\/ -->\n<title>\u25b7Avis Legal - \u3010 Dinser \u3011<\/title>\n<meta name=\"description\" content=\"AV\u00cdS LEGAL AV\u00cdS LEGALAquest Avis Legal t\u00e9 l&#039;objectiu d&#039;informar-te dels teus drets i obligacions com a usuari d&#039;aquest lloc web. Aqu\u00ed trobar\u00e0s tota la \u2713\" \/>\n<meta name=\"robots\" content=\"noindex, nofollow\" \/>\n<meta property=\"og:locale\" content=\"ca_ES\" \/>\n<meta property=\"og:type\" content=\"article\" \/>\n<meta property=\"og:title\" content=\"\u25b7Avis Legal - \u3010 Dinser \u3011\" \/>\n<meta property=\"og:description\" content=\"AV\u00cdS LEGAL AV\u00cdS LEGALAquest Avis Legal t\u00e9 l&#039;objectiu d&#039;informar-te dels teus drets i obligacions com a usuari d&#039;aquest lloc web. Aqu\u00ed trobar\u00e0s tota la \u2713\" \/>\n<meta property=\"og:url\" content=\"https:\/\/dinser.es\/ca\/avis-legal\/\" \/>\n<meta property=\"og:site_name\" content=\"Dinser\" \/>\n<meta property=\"article:modified_time\" content=\"2025-09-04T11:29:42+00:00\" \/>\n<meta name=\"twitter:card\" content=\"summary_large_image\" \/>\n<meta name=\"twitter:label1\" content=\"Temps estimat de lectura\" \/>\n\t<meta name=\"twitter:data1\" content=\"4 minuts\" \/>\n<!-- \/ Yoast SEO plugin. -->","yoast_head_json":{"title":"\u25b7Avis Legal - \u3010 Dinser \u3011","description":"AV\u00cdS LEGAL AV\u00cdS LEGALAquest Avis Legal t\u00e9 l'objectiu d'informar-te dels teus drets i obligacions com a usuari d'aquest lloc web. Aqu\u00ed trobar\u00e0s tota la \u2713","robots":{"index":"noindex","follow":"nofollow"},"og_locale":"ca_ES","og_type":"article","og_title":"\u25b7Avis Legal - \u3010 Dinser \u3011","og_description":"AV\u00cdS LEGAL AV\u00cdS LEGALAquest Avis Legal t\u00e9 l'objectiu d'informar-te dels teus drets i obligacions com a usuari d'aquest lloc web. Aqu\u00ed trobar\u00e0s tota la \u2713","og_url":"https:\/\/dinser.es\/ca\/avis-legal\/","og_site_name":"Dinser","article_modified_time":"2025-09-04T11:29:42+00:00","twitter_card":"summary_large_image","twitter_misc":{"Temps estimat de lectura":"4 minuts"},"schema":{"@context":"https:\/\/schema.org","@graph":[{"@type":"WebPage","@id":"https:\/\/dinser.es\/ca\/avis-legal\/","url":"https:\/\/dinser.es\/ca\/avis-legal\/","name":"\u25b7Avis Legal - \u3010 Dinser \u3011","isPartOf":{"@id":"https:\/\/dinser.es\/#website"},"datePublished":"2025-01-20T07:32:20+00:00","dateModified":"2025-09-04T11:29:42+00:00","description":"AV\u00cdS LEGAL AV\u00cdS LEGALAquest Avis Legal t\u00e9 l'objectiu d'informar-te dels teus drets i obligacions com a usuari d'aquest lloc web. Aqu\u00ed trobar\u00e0s tota la \u2713","breadcrumb":{"@id":"https:\/\/dinser.es\/ca\/avis-legal\/#breadcrumb"},"inLanguage":"ca","potentialAction":[{"@type":"ReadAction","target":["https:\/\/dinser.es\/ca\/avis-legal\/"]}]},{"@type":"BreadcrumbList","@id":"https:\/\/dinser.es\/ca\/avis-legal\/#breadcrumb","itemListElement":[{"@type":"ListItem","position":1,"name":"Portada","item":"https:\/\/dinser.es\/"},{"@type":"ListItem","position":2,"name":"Avis Legal"}]},{"@type":"WebSite","@id":"https:\/\/dinser.es\/#website","url":"https:\/\/dinser.es\/","name":"Dinser","description":"Digitalizamos tu historia, organizamos tu futuro","publisher":{"@id":"https:\/\/dinser.es\/#organization"},"potentialAction":[{"@type":"SearchAction","target":{"@type":"EntryPoint","urlTemplate":"https:\/\/dinser.es\/?s={search_term_string}"},"query-input":{"@type":"PropertyValueSpecification","valueRequired":true,"valueName":"search_term_string"}}],"inLanguage":"ca"},{"@type":"Organization","@id":"https:\/\/dinser.es\/#organization","name":"Dinser","url":"https:\/\/dinser.es\/","logo":{"@type":"ImageObject","inLanguage":"ca","@id":"https:\/\/dinser.es\/#\/schema\/logo\/image\/","url":"https:\/\/dinser.es\/wp-content\/uploads\/2021\/10\/cropped-wwwarcelona-logo.png","contentUrl":"https:\/\/dinser.es\/wp-content\/uploads\/2021\/10\/cropped-wwwarcelona-logo.png","width":934,"height":266,"caption":"Dinser"},"image":{"@id":"https:\/\/dinser.es\/#\/schema\/logo\/image\/"}}]}},"_links":{"self":[{"href":"https:\/\/dinser.es\/ca\/wp-json\/wp\/v2\/pages\/1703","targetHints":{"allow":["GET"]}}],"collection":[{"href":"https:\/\/dinser.es\/ca\/wp-json\/wp\/v2\/pages"}],"about":[{"href":"https:\/\/dinser.es\/ca\/wp-json\/wp\/v2\/types\/page"}],"author":[{"embeddable":true,"href":"https:\/\/dinser.es\/ca\/wp-json\/wp\/v2\/users\/3"}],"replies":[{"embeddable":true,"href":"https:\/\/dinser.es\/ca\/wp-json\/wp\/v2\/comments?post=1703"}],"version-history":[{"count":1,"href":"https:\/\/dinser.es\/ca\/wp-json\/wp\/v2\/pages\/1703\/revisions"}],"predecessor-version":[{"id":1704,"href":"https:\/\/dinser.es\/ca\/wp-json\/wp\/v2\/pages\/1703\/revisions\/1704"}],"wp:attachment":[{"href":"https:\/\/dinser.es\/ca\/wp-json\/wp\/v2\/media?parent=1703"}],"curies":[{"name":"wp","href":"https:\/\/api.w.org\/{rel}","templated":true}]}}